{"id":3711,"date":"2026-03-26T08:10:23","date_gmt":"2026-03-26T08:10:23","guid":{"rendered":"https:\/\/aqclinics.com\/medio\/entrevista-articulo-en-la-opinion-de-zamora\/"},"modified":"2026-03-26T08:10:23","modified_gmt":"2026-03-26T08:10:23","slug":"entrevista-articulo-en-la-opinion-de-zamora","status":"publish","type":"aq_medio","link":"https:\/\/aqclinics.com\/en\/medio\/entrevista-articulo-en-la-opinion-de-zamora\/","title":{"rendered":"Entrevista \/ art\u00edculo en La Opini\u00f3n de Zamora"},"content":{"rendered":"<p>Este art\u00edculo recoge una visi\u00f3n de la medicina est\u00e9tica vinculada al conocimiento m\u00e9dico, a la planificaci\u00f3n y a la naturalidad. Una manera de trabajar que prioriza el bienestar de la persona, la armon\u00eda del resultado y la confianza que nace cuando se explica cada paso con claridad.<\/p>\n<p>M\u00e1s all\u00e1 del tratamiento, el verdadero valor est\u00e1 en la forma de acompa\u00f1ar: escuchar, orientar y proponer solo aquello que tiene sentido en cada caso.<\/p>","protected":false},"excerpt":{"rendered":"<p>Una pieza que pone el foco en una medicina est\u00e9tica m\u00e1s consciente, m\u00e1s humana y mejor explicada.<\/p>","protected":false},"featured_media":0,"template":"","aq_tipo_medio":[12],"class_list":["post-3711","aq_medio","type-aq_medio","status-publish","hentry","aq_tipo_medio-prensa"],"yoast_head":"<!-- This site is optimized with the Yoast SEO plugin v27.2 - https:\/\/yoast.com\/product\/yoast-seo-wordpress\/ -->\n<title>Entrevista \/ art\u00edculo en La Opini\u00f3n de Zamora - aqclinics.com<\/title>\n<meta name=\"robots\" content=\"index, follow, max-snippet:-1, max-image-preview:large, max-video-preview:-1\" \/>\n<link rel=\"canonical\" href=\"https:\/\/aqclinics.com\/en\/medio\/entrevista-articulo-en-la-opinion-de-zamora\/\" \/>\n<meta property=\"og:locale\" content=\"en_US\" \/>\n<meta property=\"og:type\" content=\"article\" \/>\n<meta property=\"og:title\" content=\"Entrevista \/ art\u00edculo en La Opini\u00f3n de Zamora - aqclinics.com\" \/>\n<meta property=\"og:description\" content=\"Una pieza que pone el foco en una medicina est\u00e9tica m\u00e1s consciente, m\u00e1s humana y mejor explicada.\" \/>\n<meta property=\"og:url\" content=\"https:\/\/aqclinics.com\/en\/medio\/entrevista-articulo-en-la-opinion-de-zamora\/\" \/>\n<meta property=\"og:site_name\" content=\"aqclinics.com\" \/>\n<meta name=\"twitter:card\" content=\"summary_large_image\" \/>\n<script type=\"application\/ld+json\" class=\"yoast-schema-graph\">{\"@context\":\"https:\/\/schema.org\",\"@graph\":[{\"@type\":\"WebPage\",\"@id\":\"https:\/\/aqclinics.com\/medio\/entrevista-articulo-en-la-opinion-de-zamora\/\",\"url\":\"https:\/\/aqclinics.com\/medio\/entrevista-articulo-en-la-opinion-de-zamora\/\",\"name\":\"Entrevista \/ art\u00edculo en La Opini\u00f3n de Zamora - aqclinics.com\",\"isPartOf\":{\"@id\":\"https:\/\/aqclinics.com\/#website\"},\"datePublished\":\"2026-03-26T08:10:23+00:00\",\"breadcrumb\":{\"@id\":\"https:\/\/aqclinics.com\/medio\/entrevista-articulo-en-la-opinion-de-zamora\/#breadcrumb\"},\"inLanguage\":\"en-US\",\"potentialAction\":[{\"@type\":\"ReadAction\",\"target\":[\"https:\/\/aqclinics.com\/medio\/entrevista-articulo-en-la-opinion-de-zamora\/\"]}]},{\"@type\":\"BreadcrumbList\",\"@id\":\"https:\/\/aqclinics.com\/medio\/entrevista-articulo-en-la-opinion-de-zamora\/#breadcrumb\",\"itemListElement\":[{\"@type\":\"ListItem\",\"position\":1,\"name\":\"Portada\",\"item\":\"https:\/\/aqclinics.com\/\"},{\"@type\":\"ListItem\",\"position\":2,\"name\":\"Entrevista \/ art\u00edculo en La Opini\u00f3n de Zamora\"}]},{\"@type\":\"WebSite\",\"@id\":\"https:\/\/aqclinics.com\/#website\",\"url\":\"https:\/\/aqclinics.com\/\",\"name\":\"aqclinics.com\",\"description\":\"La Dra. \u00c1ngela Casquero, m\u00e9dico est\u00e9tico con amplia experiencia, combina ciencia y naturalidad para realzar la belleza de cada paciente con tratamientos seguros, personalizados y de \u00faltima generaci\u00f3n.\",\"publisher\":{\"@id\":\"https:\/\/aqclinics.com\/#organization\"},\"potentialAction\":[{\"@type\":\"SearchAction\",\"target\":{\"@type\":\"EntryPoint\",\"urlTemplate\":\"https:\/\/aqclinics.com\/?s={search_term_string}\"},\"query-input\":{\"@type\":\"PropertyValueSpecification\",\"valueRequired\":true,\"valueName\":\"search_term_string\"}}],\"inLanguage\":\"en-US\"},{\"@type\":\"Organization\",\"@id\":\"https:\/\/aqclinics.com\/#organization\",\"name\":\"aqclinics.com\",\"url\":\"https:\/\/aqclinics.com\/\",\"logo\":{\"@type\":\"ImageObject\",\"inLanguage\":\"en-US\",\"@id\":\"https:\/\/aqclinics.com\/#\/schema\/logo\/image\/\",\"url\":\"https:\/\/aqclinics.com\/wp-content\/uploads\/2021\/12\/3.png\",\"contentUrl\":\"https:\/\/aqclinics.com\/wp-content\/uploads\/2021\/12\/3.png\",\"width\":1024,\"height\":1024,\"caption\":\"aqclinics.com\"},\"image\":{\"@id\":\"https:\/\/aqclinics.com\/#\/schema\/logo\/image\/\"}}]}<\/script>\n<!-- \/ Yoast SEO plugin. -->","yoast_head_json":{"title":"Entrevista \/ art\u00edculo en La Opini\u00f3n de Zamora - aqclinics.com","robots":{"index":"index","follow":"follow","max-snippet":"max-snippet:-1","max-image-preview":"max-image-preview:large","max-video-preview":"max-video-preview:-1"},"canonical":"https:\/\/aqclinics.com\/en\/medio\/entrevista-articulo-en-la-opinion-de-zamora\/","og_locale":"en_US","og_type":"article","og_title":"Entrevista \/ art\u00edculo en La Opini\u00f3n de Zamora - aqclinics.com","og_description":"Una pieza que pone el foco en una medicina est\u00e9tica m\u00e1s consciente, m\u00e1s humana y mejor explicada.","og_url":"https:\/\/aqclinics.com\/en\/medio\/entrevista-articulo-en-la-opinion-de-zamora\/","og_site_name":"aqclinics.com","twitter_card":"summary_large_image","schema":{"@context":"https:\/\/schema.org","@graph":[{"@type":"WebPage","@id":"https:\/\/aqclinics.com\/medio\/entrevista-articulo-en-la-opinion-de-zamora\/","url":"https:\/\/aqclinics.com\/medio\/entrevista-articulo-en-la-opinion-de-zamora\/","name":"Entrevista \/ art\u00edculo en La Opini\u00f3n de Zamora - aqclinics.com","isPartOf":{"@id":"https:\/\/aqclinics.com\/#website"},"datePublished":"2026-03-26T08:10:23+00:00","breadcrumb":{"@id":"https:\/\/aqclinics.com\/medio\/entrevista-articulo-en-la-opinion-de-zamora\/#breadcrumb"},"inLanguage":"en-US","potentialAction":[{"@type":"ReadAction","target":["https:\/\/aqclinics.com\/medio\/entrevista-articulo-en-la-opinion-de-zamora\/"]}]},{"@type":"BreadcrumbList","@id":"https:\/\/aqclinics.com\/medio\/entrevista-articulo-en-la-opinion-de-zamora\/#breadcrumb","itemListElement":[{"@type":"ListItem","position":1,"name":"Portada","item":"https:\/\/aqclinics.com\/"},{"@type":"ListItem","position":2,"name":"Entrevista \/ art\u00edculo en La Opini\u00f3n de Zamora"}]},{"@type":"WebSite","@id":"https:\/\/aqclinics.com\/#website","url":"https:\/\/aqclinics.com\/","name":"aqclinics.com","description":"La Dra. \u00c1ngela Casquero, m\u00e9dico est\u00e9tico con amplia experiencia, combina ciencia y naturalidad para realzar la belleza de cada paciente con tratamientos seguros, personalizados y de \u00faltima generaci\u00f3n.","publisher":{"@id":"https:\/\/aqclinics.com\/#organization"},"potentialAction":[{"@type":"SearchAction","target":{"@type":"EntryPoint","urlTemplate":"https:\/\/aqclinics.com\/?s={search_term_string}"},"query-input":{"@type":"PropertyValueSpecification","valueRequired":true,"valueName":"search_term_string"}}],"inLanguage":"en-US"},{"@type":"Organization","@id":"https:\/\/aqclinics.com\/#organization","name":"aqclinics.com","url":"https:\/\/aqclinics.com\/","logo":{"@type":"ImageObject","inLanguage":"en-US","@id":"https:\/\/aqclinics.com\/#\/schema\/logo\/image\/","url":"https:\/\/aqclinics.com\/wp-content\/uploads\/2021\/12\/3.png","contentUrl":"https:\/\/aqclinics.com\/wp-content\/uploads\/2021\/12\/3.png","width":1024,"height":1024,"caption":"aqclinics.com"},"image":{"@id":"https:\/\/aqclinics.com\/#\/schema\/logo\/image\/"}}]}},"_links":{"self":[{"href":"https:\/\/aqclinics.com\/en\/wp-json\/wp\/v2\/aq_medio\/3711","targetHints":{"allow":["GET"]}}],"collection":[{"href":"https:\/\/aqclinics.com\/en\/wp-json\/wp\/v2\/aq_medio"}],"about":[{"href":"https:\/\/aqclinics.com\/en\/wp-json\/wp\/v2\/types\/aq_medio"}],"wp:attachment":[{"href":"https:\/\/aqclinics.com\/en\/wp-json\/wp\/v2\/media?parent=3711"}],"wp:term":[{"taxonomy":"aq_tipo_medio","embeddable":true,"href":"https:\/\/aqclinics.com\/en\/wp-json\/wp\/v2\/aq_tipo_medio?post=3711"}],"curies":[{"name":"wp","href":"https:\/\/api.w.org\/{rel}","templated":true}]}}